{"id":17614,"date":"2025-07-24T09:05:26","date_gmt":"2025-07-24T09:05:26","guid":{"rendered":"https:\/\/fv6qoy3ls0.wpdns.site\/produto\/ttartisan-af-27mm-f2-8\/"},"modified":"2026-03-27T12:16:33","modified_gmt":"2026-03-27T12:16:33","slug":"ttartisan-af-27mm-f2-8","status":"publish","type":"product","link":"https:\/\/hi-techwonder.com\/es\/producto\/ttartisan-af-27mm-f2-8\/","title":{"rendered":"TTArtisan AF 27mm f2.8"},"content":{"rendered":"<div class=\"vc_row wpb_row vc_row-fluid\">\n<div class=\"wpb_column vc_column_container vc_col-sm-12\">\n<div class=\"vc_column-inner\">\n<div class=\"wpb_wrapper\">\n<div class=\"wpb_text_column wpb_content_element\">\n<div class=\"wpb_wrapper\">\n<h3><strong>TTArtisan AF 27mm f2.8<\/strong><\/h3>\n<\/div>\n<\/div>\n<\/div>\n<\/div>\n<\/div>\n<\/div>\n<div class=\"vc_row wpb_row vc_row-fluid\">\n<div class=\"wpb_column vc_column_container vc_col-sm-12\">\n<div class=\"vc_column-inner\">\n<div class=\"wpb_wrapper\">\n<div class=\"wpb_video_widget wpb_content_element vc_clearfix   vc_video-aspect-ratio-169 vc_video-el-width-100 vc_video-align-left\">\n<div class=\"wpb_wrapper\">\n<div class=\"wpb_video_wrapper\"><iframe loading=\"lazy\" title=\"TTArtisan AF 27mm f\/2.8\" src=\"https:\/\/www.youtube.com\/embed\/QpztoJqZLdc?feature=oembed\" width=\"500\" height=\"281\" frameborder=\"0\" allowfullscreen=\"allowfullscreen\" data-mce-fragment=\"1\"><\/iframe><\/div>\n<\/div>\n<\/div>\n<\/div>\n<\/div>\n<\/div>\n<\/div>\n<div class=\"vc_row wpb_row vc_row-fluid\">\n<div class=\"wpb_column vc_column_container vc_col-sm-12\">\n<div class=\"vc_column-inner\">\n<div class=\"wpb_wrapper\">\n<div class=\"wpb_text_column wpb_content_element\">\n<div class=\"wpb_wrapper\">\n<p>Com um design discreto em forma de panqueca para c\u00e2maras com sensor APS-C, esta objetiva de 27mm f\/2,8 da TTArtisan \u00e9 uma objetiva vers\u00e1til para todos os fins e para utiliza\u00e7\u00e3o di\u00e1ria. Adequada para paisagens, cenas de rua, retratos e muito mais, esta objetiva de focagem autom\u00e1tica utiliza um motor de passo STM para captar rapidamente os momentos fotogr\u00e1ficos perfeitos.<\/p>\n<p>A objetiva tamb\u00e9m \u00e9 compat\u00edvel com os modos de seguimento do olhar para um seguimento eficiente durante a grava\u00e7\u00e3o de v\u00eddeo. A dist\u00e2ncia m\u00ednima de focagem \u00e9 de 35cm, e a objetiva oferece uma abertura m\u00e1xima de f\/2,8 e um diafragma de sete l\u00e2minas que proporciona um bokeh distinto para um efeito dram\u00e1tico.<\/p>\n<\/div>\n<\/div>\n<\/div>\n<\/div>\n<\/div>\n<\/div>\n<div class=\"vc_row wpb_row vc_row-fluid\">\n<div class=\"wpb_column vc_column_container vc_col-sm-12\">\n<div class=\"vc_column-inner\">\n<div class=\"wpb_wrapper\">\n<div class=\"wpb_gallery wpb_content_element vc_clearfix wpb_content_element\">\n<div class=\"wpb_wrapper\">\n<div class=\"wpb_gallery_slides wpb_image_grid\" data-interval=\"3\">\n<p><a class=\"\" href=\"https:\/\/ttartisan.pt\/wp-content\/uploads\/2024\/06\/DSC09290-%E9%92%9B-1024x682.jpg\" data-lightbox=\"lightbox[rel-29291-3509265179]\" target=\"_blank\" rel=\"noopener\"><picture class=\"attachment-thumbnail\" title=\"DSC09290-\u949b\"><source srcset=\"https:\/\/ttartisan.pt\/wp-content\/uploads\/2024\/06\/DSC09290-\u949b-150x150.jpg.avif 150w, https:\/\/ttartisan.pt\/wp-content\/uploads\/2024\/06\/DSC09290-\u949b-300x300.jpg.avif 300w, https:\/\/ttartisan.pt\/wp-content\/uploads\/2024\/06\/DSC09290-\u949b-100x100.jpg.avif 100w\" type=\"image\/avif\" sizes=\"auto, (max-width: 150px) 100vw, 150px\" \/><img loading=\"lazy\" decoding=\"async\" src=\"https:\/\/ttartisan.pt\/wp-content\/uploads\/2024\/06\/DSC09290-%E9%92%9B-150x150.jpg\" sizes=\"auto, (max-width: 150px) 100vw, 150px\" srcset=\"https:\/\/ttartisan.pt\/wp-content\/uploads\/2024\/06\/DSC09290-\u949b-150x150.jpg 150w, https:\/\/ttartisan.pt\/wp-content\/uploads\/2024\/06\/DSC09290-\u949b-300x300.jpg 300w, https:\/\/ttartisan.pt\/wp-content\/uploads\/2024\/06\/DSC09290-\u949b-100x100.jpg 100w\" alt=\"\" width=\"150\" height=\"150\"><\/picture><\/a><a class=\"\" href=\"https:\/\/ttartisan.pt\/wp-content\/uploads\/2024\/06\/Nikon-9-1024x682.jpg\" data-lightbox=\"lightbox[rel-29291-3509265179]\" target=\"_blank\" rel=\"noopener\"><picture class=\"attachment-thumbnail\" title=\"Nikon (9)\"><source srcset=\"https:\/\/ttartisan.pt\/wp-content\/uploads\/2024\/06\/Nikon-9-150x150.jpg.avif 150w, https:\/\/ttartisan.pt\/wp-content\/uploads\/2024\/06\/Nikon-9-300x300.jpg.avif 300w, https:\/\/ttartisan.pt\/wp-content\/uploads\/2024\/06\/Nikon-9-100x100.jpg.avif 100w\" type=\"image\/avif\" sizes=\"auto, (max-width: 150px) 100vw, 150px\" \/><img loading=\"lazy\" decoding=\"async\" src=\"https:\/\/ttartisan.pt\/wp-content\/uploads\/2024\/06\/Nikon-9-150x150.jpg\" sizes=\"auto, (max-width: 150px) 100vw, 150px\" srcset=\"https:\/\/ttartisan.pt\/wp-content\/uploads\/2024\/06\/Nikon-9-150x150.jpg 150w, https:\/\/ttartisan.pt\/wp-content\/uploads\/2024\/06\/Nikon-9-300x300.jpg 300w, https:\/\/ttartisan.pt\/wp-content\/uploads\/2024\/06\/Nikon-9-100x100.jpg 100w\" alt=\"\" width=\"150\" height=\"150\"><\/picture><\/a><a class=\"\" href=\"https:\/\/ttartisan.pt\/wp-content\/uploads\/2024\/06\/SONY-2-1024x682.jpg\" data-lightbox=\"lightbox[rel-29291-3509265179]\" target=\"_blank\" rel=\"noopener\"><picture class=\"attachment-thumbnail\" title=\"SONY (2)\"><source srcset=\"https:\/\/ttartisan.pt\/wp-content\/uploads\/2024\/06\/SONY-2-150x150.jpg.avif 150w, https:\/\/ttartisan.pt\/wp-content\/uploads\/2024\/06\/SONY-2-300x300.jpg.avif 300w, https:\/\/ttartisan.pt\/wp-content\/uploads\/2024\/06\/SONY-2-100x100.jpg.avif 100w\" type=\"image\/avif\" sizes=\"auto, (max-width: 150px) 100vw, 150px\" \/><img loading=\"lazy\" decoding=\"async\" src=\"https:\/\/ttartisan.pt\/wp-content\/uploads\/2024\/06\/SONY-2-150x150.jpg\" sizes=\"auto, (max-width: 150px) 100vw, 150px\" srcset=\"https:\/\/ttartisan.pt\/wp-content\/uploads\/2024\/06\/SONY-2-150x150.jpg 150w, https:\/\/ttartisan.pt\/wp-content\/uploads\/2024\/06\/SONY-2-300x300.jpg 300w, https:\/\/ttartisan.pt\/wp-content\/uploads\/2024\/06\/SONY-2-100x100.jpg 100w\" alt=\"\" width=\"150\" height=\"150\"><\/picture><\/a><\/p>\n<\/div>\n<\/div>\n<\/div>\n<\/div>\n<\/div>\n<\/div>\n<\/div>\n<div class=\"vc_row wpb_row vc_row-fluid\">\n<div class=\"wpb_column vc_column_container vc_col-sm-12\">\n<div class=\"vc_column-inner\">\n<div class=\"wpb_wrapper\">\n<div class=\"wpb_text_column wpb_content_element\">\n<div class=\"wpb_wrapper\">\n<h4>Caracter\u00edsticas principais<\/h4>\n<ul>\n<li>A lente prime de comprimento normal 27mm foi concebida para c\u00e2maras sem espelho de formato APS-C e oferece uma dist\u00e2ncia focal equivalente a 40,5 mm, que \u00e9 ideal para retrato, fotografia de rua e paisagem.<\/li>\n<li>Design discreto e ultra-compacto em forma de panqueca. Extremamente leve permite que seja levada facilmente para qualquer lado.<\/li>\n<li>O motor AF passo a passo beneficia tanto os fot\u00f3grafos como os vide\u00f3grafos com o seu desempenho r\u00e1pido e preciso. Compat\u00edvel com \u201ceye focus\u201d.<\/li>\n<li>Possui um anel de abertura, com cliques, que permite o controlo de abertura diretamente na objetiva, mantendo a possibilidade de controlar a abertura do diafragma na c\u00e2mara se pretendido.<\/li>\n<li>Corpo em alum\u00ednio de categoria aeron\u00e1utica e design retro.<\/li>\n<li>A dist\u00e2ncia m\u00ednima de focagem de 35cm permite t\u00e9cnicas de fotografia de grande plano moderadas, aliada \u00e0 abertura m\u00e1xima f\/2.8 permitindo uma separa\u00e7\u00e3o total entre o sujeito e o background.<\/li>\n<li>Inclui tampa da lente traseira com interface USB-C para um melhor desempenho atrav\u00e9s de atualiza\u00e7\u00f5es de firmware.<\/li>\n<\/ul>\n<\/div>\n<\/div>\n<\/div>\n<\/div>\n<\/div>\n<\/div>\n<div class=\"vc_row wpb_row vc_row-fluid\">\n<div class=\"wpb_column vc_column_container vc_col-sm-12\">\n<div class=\"vc_column-inner\">\n<div class=\"wpb_wrapper\">\n<div class=\"wpb_single_image wpb_content_element vc_align_left wpb_content_element\">\n<figure class=\"wpb_wrapper vc_figure\">\n<div class=\"vc_single_image-wrapper   vc_box_border_grey\"><img loading=\"lazy\" decoding=\"async\" class=\"vc_single_image-img \" title=\"TTArtisan AF 27mm f2.8 scenery 1\" src=\"https:\/\/ttartisan.pt\/wp-content\/uploads\/2024\/06\/TTArtisan-AF-27mm-f2.8-scenery-1-scaled-752x502.jpg\" alt=\"TTArtisan AF 27mm f2.8 scenery 1\" width=\"752\" height=\"502\" \/><\/div>\n<\/figure>\n<\/div>\n<\/div>\n<\/div>\n<\/div>\n<\/div>\n<div class=\"vc_row wpb_row vc_row-fluid\">\n<div class=\"wpb_column vc_column_container vc_col-sm-12\">\n<div class=\"vc_column-inner\">\n<div class=\"wpb_wrapper\">\n<div class=\"wpb_text_column wpb_content_element\">\n<div class=\"wpb_wrapper\">\n<h4>Especifica\u00e7\u00f5es<\/h4>\n<table width=\"670\">\n<tbody>\n<tr>\n<td width=\"255\">Abertura m\u00e1xima<\/td>\n<td>f\/2.8<\/td>\n<\/tr>\n<tr>\n<td width=\"255\">Abertura m\u00ednima<\/td>\n<td>f\/16<\/td>\n<\/tr>\n<tr>\n<td width=\"255\">Montagem da lente<\/td>\n<td>Sony E | Fuji X | Nikon Z<\/td>\n<\/tr>\n<tr>\n<td width=\"255\">Cobertura do formato da lente<\/td>\n<td>APS-C<\/td>\n<\/tr>\n<tr>\n<td width=\"255\">Dist\u00e2ncia m\u00ednima de focagem<\/td>\n<td>35cm<\/td>\n<\/tr>\n<tr>\n<td width=\"255\">\u00c2ngulo de vis\u00e3o<\/td>\n<td>56\u00ba<\/td>\n<\/tr>\n<tr>\n<td width=\"255\">Design \u00f3tico<\/td>\n<td>6 elementos em 5 grupos<\/td>\n<\/tr>\n<tr>\n<td width=\"255\">L\u00e2minas de diafragma<\/td>\n<td>7<\/td>\n<\/tr>\n<tr>\n<td width=\"255\">Tipo de focagem<\/td>\n<td>Focagem autom\u00e1tica<\/td>\n<\/tr>\n<tr>\n<td width=\"255\">Anel de abertura<\/td>\n<td>Com cliques<\/td>\n<\/tr>\n<tr>\n<td width=\"255\">Estabiliza\u00e7\u00e3o de imagem<\/td>\n<td>N\u00e3o<\/td>\n<\/tr>\n<tr>\n<td width=\"255\">Filtro Frontal<\/td>\n<td>39mm<\/td>\n<\/tr>\n<tr>\n<td width=\"255\">Dimens\u00e3o (C x D)<\/td>\n<td>Sony E | Fuji X: 29 x 61mm&nbsp;<\/p>\n<p>Nikon Z: 31 x 64mm<\/td>\n<\/tr>\n<tr>\n<td width=\"255\">Peso<\/td>\n<td>88~100g<\/td>\n<\/tr>\n<\/tbody>\n<\/table>\n<\/div>\n<\/div>\n<\/div>\n<\/div>\n<\/div>\n<\/div>\n<div class=\"vc_row wpb_row vc_row-fluid\">\n<div class=\"wpb_column vc_column_container vc_col-sm-12\">\n<div class=\"vc_column-inner\">\n<div class=\"wpb_wrapper\">\n<div class=\"wpb_single_image wpb_content_element vc_align_left wpb_content_element\">\n<figure class=\"wpb_wrapper vc_figure\">\n<div class=\"vc_single_image-wrapper   vc_box_border_grey\"><img loading=\"lazy\" decoding=\"async\" class=\"vc_single_image-img \" title=\"TTArtisan-AF 27mm F2.8-Z-10\" src=\"https:\/\/ttartisan.pt\/wp-content\/uploads\/2024\/06\/TTArtisan-AF-27mm-F2.8-Z-10-scaled-752x502.jpg\" alt=\"TTArtisan-AF 27mm F2.8-Z-10\" width=\"752\" height=\"502\" \/><\/div>\n<\/figure>\n<\/div>\n<\/div>\n<\/div>\n<\/div>\n<\/div>\n","protected":false},"excerpt":{"rendered":"<ul>\n<li>Formato APS-C | f\/2.8 a f\/16<\/li>\n<li>27 mm (Equivalente em formato full-frame: 40.5mm)<\/li>\n<li>Motor AF passo a passo STM<\/li>\n<li>Dist\u00e2ncia m\u00ednima de focagem: 35cm<\/li>\n<li>Diafragma de 7 l\u00e2minas<\/li>\n<\/ul>\n","protected":false},"featured_media":14566,"comment_status":"closed","ping_status":"closed","template":"","meta":{"_acf_changed":false},"product_brand":[2545],"product_cat":[1062],"product_tag":[],"class_list":{"0":"post-17614","1":"product","2":"type-product","3":"status-publish","4":"has-post-thumbnail","6":"product_brand-ttartisan-es","7":"product_cat-mirrorless-objectivos","8":"pa_abertura-maxima-f-2-8-es","9":"pa_cor-blanco","10":"pa_cor-negro","11":"pa_cor-plata","12":"pa_diametro-39mm-es","13":"pa_estabilizacao-de-imagem-no","14":"pa_montagem-da-objetiva-fujifilm-x-es","15":"pa_montagem-da-objetiva-nikon-z-es","16":"pa_montagem-da-objetiva-sony-e-es","17":"pa_sensor-aps-c-es","18":"pa_tipo-de-foco-enfoque-automatico","19":"pa_tipo-de-objetiva-estandar","20":"pa_zoom-fixa-fijo","22":"first","23":"instock","24":"taxable","25":"shipping-taxable","26":"purchasable","27":"product-type-variable"},"bundled_by":[],"bundle_stock_status":"instock","bundle_stock_quantity":null,"bundle_virtual":false,"bundle_layout":"","bundle_add_to_cart_form_location":"","bundle_editable_in_cart":false,"bundle_sold_individually_context":"","bundle_item_grouping":"","bundle_min_size":"","bundle_max_size":"","bundle_price":[],"bundled_items":[],"bundle_sell_ids":[],"acf":[],"_links":{"self":[{"href":"https:\/\/hi-techwonder.com\/es\/wp-json\/wp\/v2\/product\/17614","targetHints":{"allow":["GET"]}}],"collection":[{"href":"https:\/\/hi-techwonder.com\/es\/wp-json\/wp\/v2\/product"}],"about":[{"href":"https:\/\/hi-techwonder.com\/es\/wp-json\/wp\/v2\/types\/product"}],"replies":[{"embeddable":true,"href":"https:\/\/hi-techwonder.com\/es\/wp-json\/wp\/v2\/comments?post=17614"}],"wp:featuredmedia":[{"embeddable":true,"href":"https:\/\/hi-techwonder.com\/es\/wp-json\/wp\/v2\/media\/14566"}],"wp:attachment":[{"href":"https:\/\/hi-techwonder.com\/es\/wp-json\/wp\/v2\/media?parent=17614"}],"wp:term":[{"taxonomy":"product_brand","embeddable":true,"href":"https:\/\/hi-techwonder.com\/es\/wp-json\/wp\/v2\/product_brand?post=17614"},{"taxonomy":"product_cat","embeddable":true,"href":"https:\/\/hi-techwonder.com\/es\/wp-json\/wp\/v2\/product_cat?post=17614"},{"taxonomy":"product_tag","embeddable":true,"href":"https:\/\/hi-techwonder.com\/es\/wp-json\/wp\/v2\/product_tag?post=17614"}],"curies":[{"name":"wp","href":"https:\/\/api.w.org\/{rel}","templated":true}]}}